{"id":788,"date":"2023-07-27T23:15:13","date_gmt":"2023-07-27T21:15:13","guid":{"rendered":"https:\/\/rescue-normandie-formation.fr\/?page_id=788"},"modified":"2024-12-08T11:06:37","modified_gmt":"2024-12-08T10:06:37","slug":"mac-acteur-aps-asd-alm","status":"publish","type":"page","link":"https:\/\/rescue-normandie-formation.fr\/?page_id=788","title":{"rendered":"MAC acteur APS ASD ALM"},"content":{"rendered":"\n<p>Maintien et actualisation des comp\u00e9tences d&rsquo;Acteur en Pr\u00e9vention Secours du secteur de l&rsquo;Aide et du Soin \u00e0 Domicile incluant l&rsquo;accompagnement de la mobilit\u00e9 de la personne aid\u00e9e, en prenant soin de l&rsquo;autre et de soi<\/p>\n\n\n\n<h2 class=\"wp-block-heading\">Dur\u00e9e :<\/h2>\n\n\n\n<p>2 jours<\/p>\n\n\n\n<p>14 heures en pr\u00e9sentiel (dont 7h00 consacr\u00e9es \u00e0 l&rsquo;ALM)<\/p>\n\n\n\n<h2 class=\"wp-block-heading\">Pr\u00e9requis participant :<\/h2>\n\n\n\n<p>\u00catre titulaire du certificat d&rsquo;acteur APS ASD ALM ou d&rsquo;avoir effectu\u00e9 la formation compl\u00e9mentaire ALM<\/p>\n\n\n\n<h2 class=\"wp-block-heading\">Public :<\/h2>\n\n\n\n<p>Toute personne intervenant dans le secteur de l&rsquo;aide \u00e0 domicile et voulant rester acteur APS ASD ALM dans sa structure<\/p>\n\n\n\n<h2 class=\"wp-block-heading\">Modalit\u00e9s d&rsquo;organisation :<\/h2>\n\n\n\n<p>Minimum 4 participants et maximum 10 participants<\/p>\n\n\n\n<h2 class=\"wp-block-heading\">Objectifs de la formation :<\/h2>\n\n\n\n<p>A l&rsquo;issue de la formation, les participants auront revu :<\/p>\n\n\n\n<ul>\n<li>Se situer en tant qu&rsquo;acteur de la pr\u00e9vention des risques professionnels li\u00e9s \u00e0 son m\u00e9tier et se situer en tant qu&rsquo;APS dans sa structure<\/li>\n\n\n\n<li>D&rsquo;observer et d&rsquo;analyser une situation de travail pour identifier ce qui peut nuire \u00e0 la sant\u00e9 et participer \u00e0 la ma\u00eetrise des risques dans sa structure<\/li>\n\n\n\n<li>D&rsquo;accompagner la mobilit\u00e9 de la personne aid\u00e9e, en prenant soin de l&rsquo;autre et de soi<\/li>\n\n\n\n<li>D&rsquo;intervenir face \u00e0 une situation d&rsquo;accident du travail<\/li>\n<\/ul>\n\n\n\n<h2 class=\"wp-block-heading\">Contenu de la formation :<\/h2>\n\n\n\n<ul>\n<li>Retour d&rsquo;exp\u00e9rience en tant qu&rsquo;acteur APS ASD<\/li>\n\n\n\n<li>Actualiser ses comp\u00e9tences en mati\u00e8re de pr\u00e9vention :\n<ul>\n<li>Se situer comme acteur de pr\u00e9vention pour soi, pour la structure<\/li>\n\n\n\n<li>Identifier les enjeux d&rsquo;un accompagnement<\/li>\n\n\n\n<li>Identifier les risques de son secteur d&rsquo;activit\u00e9, de son m\u00e9tier, pour agir en pr\u00e9vention<\/li>\n\n\n\n<li>Observer et analyser une situation de travail<\/li>\n\n\n\n<li>Proposer des am\u00e9liorations de sa situation de travail<\/li>\n\n\n\n<li>Remonter l&rsquo;information aux personnes concern\u00e9es<\/li>\n\n\n\n<li>Les \u00e9tapes n\u00e9cessaires aux d\u00e9placements naturels<\/li>\n\n\n\n<li>Analyser la situation d&rsquo;un accompagnement<\/li>\n\n\n\n<li>Caract\u00e9riser les aides techniques au regard des situations d&rsquo;accompagnement<\/li>\n\n\n\n<li>Mettre en oeuvre un accompagnement \u00e0 partir de son analyse en prenant soin de la personne aid\u00e9e et de soi<\/li>\n\n\n\n<li>Mise en pratique de l&rsquo;ALM<\/li>\n\n\n\n<li>Piste d&rsquo;am\u00e9lioration<\/li>\n<\/ul>\n<\/li>\n\n\n\n<li>Actualiser ses comp\u00e9tences en mati\u00e8re de SST :\n<ul>\n<li>Situer son r\u00f4le de SST dans l&rsquo;organisation des secours dans la structure<\/li>\n\n\n\n<li>Prot\u00e9ger<\/li>\n\n\n\n<li>Examiner<\/li>\n\n\n\n<li>Garantir une alerte favorisant l&rsquo;arriv\u00e9e de secours adapt\u00e9s au plus pr\u00e8s de la victime<\/li>\n\n\n\n<li>Secourir\n<ul>\n<li>La victime saigne abondamment<\/li>\n\n\n\n<li>La victime s&rsquo;\u00e9touffe<\/li>\n\n\n\n<li>La victime se plaint de malaise<\/li>\n\n\n\n<li>La victime se plaint de br\u00fblure<\/li>\n\n\n\n<li>La victime se plaint d&rsquo;une douleur emp\u00eachant certains mouvements<\/li>\n\n\n\n<li>La victime se plaint d&rsquo;une plaie qui ne saigne pas abondamment<\/li>\n\n\n\n<li>La victime ne r\u00e9pond pas mais elle respire<\/li>\n\n\n\n<li>La victime ne r\u00e9pond pas et ne respire pas<\/li>\n<\/ul>\n<\/li>\n<\/ul>\n<\/li>\n<\/ul>\n\n\n\n<h2 class=\"wp-block-heading\">Moyens et m\u00e9thodes p\u00e9dagogiques :<\/h2>\n\n\n\n<ul>\n<li>Apports didactiques, travaux en sous-groupe et exercices pratiques<\/li>\n\n\n\n<li>M\u00e9thode heuristique, d\u00e9monstrative, applicative, \u00e9change des pratiques et d\u00e9marches r\u00e9flexible<\/li>\n\n\n\n<li>Des documents et supports seront mis \u00e0 disposition des participants pour la r\u00e9alisation des travaux, et une fiche de proposition d&rsquo;am\u00e9lioration sera r\u00e9alis\u00e9e et remise \u00e0 l&rsquo;\u00e9quipe du groupe de travail.<\/li>\n<\/ul>\n\n\n\n<h2 class=\"wp-block-heading\">Modalit\u00e9s d&rsquo;\u00e9valuation et tra\u00e7abilit\u00e9 :<\/h2>\n\n\n\n<ul>\n<li>Evaluation p\u00e9dagogique tout au long de la formation en lien avec les objectifs p\u00e9dagogiques<\/li>\n\n\n\n<li>Attestation de fin de formation : remis au participant<\/li>\n\n\n\n<li>Questionnaire de satisfaction et d&rsquo;auto-\u00e9valuation : remis \u00e0 chaque participant<\/li>\n\n\n\n<li>Feuille d&rsquo;\u00e9margement des participants<\/li>\n<\/ul>\n\n\n\n<h2 class=\"wp-block-heading\">Certification de la formation :<\/h2>\n\n\n\n<p>L&rsquo;\u00e9valuation utilis\u00e9e pour la validation, est celle d\u00e9finie par l&rsquo;INRS \u00e0 l&rsquo;aide des \u00e9preuves certificatives d\u00e9finies dans le document de r\u00e9f\u00e9rence V9-01\/2021.<\/p>\n\n\n\n<p>Seuls les candidats qui ont suivi la totalit\u00e9 de la formation et qui ont satisfait aux \u00e9preuves certificatives peuvent pr\u00e9tendre \u00e0 l&rsquo;obtention du certificat d&rsquo;acteur APS ASD ALM (Mod\u00e8le National Forprev)<\/p>\n\n\n\n<p>Une formation maintien et actualisation des comp\u00e9tences (MAC) doit avoir lieu avec un intervalle maximum de 24 mois d&rsquo;une dur\u00e9e de 14h00.<\/p>\n\n\n\n<h2 class=\"wp-block-heading\">Lieu de la formation :<\/h2>\n\n\n\n<p>En intra<\/p>\n\n\n\n<h2 class=\"wp-block-heading\">Formateur :<\/h2>\n\n\n\n<p>Formateur APS ASD en ordre de validation certifi\u00e9 par l&rsquo;INRS et ayant suivi le module compl\u00e9mentaire ALM<\/p>\n\n\n\n<div class=\"wp-block-group\"><div class=\"wp-block-group__inner-container is-layout-constrained wp-block-group-is-layout-constrained\">\n<h2 class=\"wp-block-heading\">D\u00e9lais et modalit\u00e9s d&rsquo;acc\u00e8s :<\/h2>\n\n\n\n<p>Prendre contact avec notre organisme de formation<\/p>\n\n\n\n<p>Le d\u00e9lai d&rsquo;acc\u00e8s est r\u00e9gi par l&rsquo;agenda de l&rsquo;organisme de formation (entre 2 et 8 semaines \u00e0 r\u00e9ception du devis valid\u00e9)<\/p>\n<\/div><\/div>\n\n\n\n<figure class=\"wp-block-table\"><table class=\"has-background\" style=\"background-color:#d7d7d7\"><tbody><tr><td>Taux de satisfaction de la formation<\/td><td>NC<\/td><td>Taux de r\u00e9ussite de la formation<\/td><td>NC<\/td><\/tr><\/tbody><\/table><\/figure>\n\n\n\n<p class=\"has-text-align-center has-accent-color has-text-color\"><strong><a href=\"https:\/\/rescue-normandie-formation.fr\/?page_id=212\" data-type=\"URL\" data-id=\"https:\/\/rescue-normandie-formation.fr\/?page_id=212\">Accessibilit\u00e9 pour les personnes en situation de handicap<\/a><\/strong><\/p>\n\n\n\n<p class=\"has-text-align-center\">Vous souhaitez t\u00e9l\u00e9charger le document relatif \u00e0 la formation MAC APS ASD ALM ?<\/p>\n\n\n\n<div id=\"wp-block-themeisle-blocks-button-group-6bbb0e24\" class=\"wp-block-themeisle-blocks-button-group wp-block-buttons align-center-desktop\">\n<div id=\"wp-block-themeisle-blocks-button-dfcca08e\" class=\"wp-block-themeisle-blocks-button wp-block-button\"><a href=\"https:\/\/rescue-normandie-formation.fr\/wp-content\/uploads\/2023\/07\/Programme-MAC-APS-ASD-ALM.pdf\" target=\"_self\" rel=\"noopener noreferrer\" class=\"wp-block-button__link\"><i class=\"fas fa-fw fa-file-download margin-right\"><\/i><span>T\u00e9l\u00e9charger le programme<\/span><\/a><\/div>\n<\/div>\n\n\n\n<p class=\"has-text-align-center\">R\u00e9f : MACAPSASDALM001 Version : V1 du 27\/07\/2023<\/p>\n\n\n\n<div class=\"wp-block-buttons is-content-justification-center is-layout-flex wp-container-core-buttons-is-layout-1 wp-block-buttons-is-layout-flex\" style=\"font-style:italic;font-weight:700\">\n<div class=\"wp-block-button\"><a class=\"wp-block-button__link wp-element-button\" href=\"https:\/\/rescue-normandie-formation.fr\/#menuFormations\">Voir les autres formations<\/a><\/div>\n<\/div>\n","protected":false},"excerpt":{"rendered":"<p>Maintien et actualisation des comp\u00e9tences d&rsquo;Acteur en Pr\u00e9vention Secours du secteur de l&rsquo;Aide et du Soin \u00e0 Domicile incluant l&rsquo;accompagnement de la mobilit\u00e9 de la personne aid\u00e9e, en prenant soin de l&rsquo;autre et de soi Dur\u00e9e : 2 jours 14 heures en pr\u00e9sentiel (dont 7h00 consacr\u00e9es \u00e0 l&rsquo;ALM) Pr\u00e9requis participant [&hellip;]<\/p>\n","protected":false},"author":1,"featured_media":0,"parent":0,"menu_order":0,"comment_status":"closed","ping_status":"closed","template":"","meta":{"_themeisle_gutenberg_block_has_review":false,"footnotes":""},"_links":{"self":[{"href":"https:\/\/rescue-normandie-formation.fr\/index.php?rest_route=\/wp\/v2\/pages\/788"}],"collection":[{"href":"https:\/\/rescue-normandie-formation.fr\/index.php?rest_route=\/wp\/v2\/pages"}],"about":[{"href":"https:\/\/rescue-normandie-formation.fr\/index.php?rest_route=\/wp\/v2\/types\/page"}],"author":[{"embeddable":true,"href":"https:\/\/rescue-normandie-formation.fr\/index.php?rest_route=\/wp\/v2\/users\/1"}],"replies":[{"embeddable":true,"href":"https:\/\/rescue-normandie-formation.fr\/index.php?rest_route=%2Fwp%2Fv2%2Fcomments&post=788"}],"version-history":[{"count":7,"href":"https:\/\/rescue-normandie-formation.fr\/index.php?rest_route=\/wp\/v2\/pages\/788\/revisions"}],"predecessor-version":[{"id":987,"href":"https:\/\/rescue-normandie-formation.fr\/index.php?rest_route=\/wp\/v2\/pages\/788\/revisions\/987"}],"wp:attachment":[{"href":"https:\/\/rescue-normandie-formation.fr\/index.php?rest_route=%2Fwp%2Fv2%2Fmedia&parent=788"}],"curies":[{"name":"wp","href":"https:\/\/api.w.org\/{rel}","templated":true}]}}